{"id":1115,"date":"2022-10-03T06:14:49","date_gmt":"2022-10-03T06:14:49","guid":{"rendered":"http:\/\/socialaccountabilityhealth.org\/oversight-committees\/"},"modified":"2026-03-16T12:07:17","modified_gmt":"2026-03-16T12:07:17","slug":"oversight-committees","status":"publish","type":"page","link":"https:\/\/socialaccountabilityhealth.org\/fr\/oversight-committees\/","title":{"rendered":"OVERSIGHT COMMITTEES"},"content":{"rendered":"\t\t<div data-elementor-type=\"wp-page\" data-elementor-id=\"1115\" class=\"elementor elementor-1115 elementor-980\" data-elementor-post-type=\"page\">\n\t\t\t\t\t\t<section class=\"elementor-section elementor-top-section elementor-element elementor-element-2224cde elementor-section-boxed elementor-section-height-default elementor-section-height-default\" data-id=\"2224cde\" data-element_type=\"section\" data-e-type=\"section\">\n\t\t\t\t\t\t<div class=\"elementor-container elementor-column-gap-default\">\n\t\t\t\t\t<div class=\"elementor-column elementor-col-100 elementor-top-column elementor-element elementor-element-7a33b06\" data-id=\"7a33b06\" data-element_type=\"column\" data-e-type=\"column\">\n\t\t\t<div class=\"elementor-widget-wrap elementor-element-populated\">\n\t\t\t\t\t\t<div class=\"elementor-element elementor-element-47f03d2 elementor-widget elementor-widget-text-editor\" data-id=\"47f03d2\" data-element_type=\"widget\" data-e-type=\"widget\" data-widget_type=\"text-editor.default\">\n\t\t\t\t<div class=\"elementor-widget-container\">\n\t\t\t\t\t\t\t\t\t<h1>Les\u00a0comit\u00e9s de r\u00e9vision de l\u2019ISAT<\/h1><p>Nos comit\u00e9s de r\u00e9vision ISAT jouent un r\u00f4le important dans l\u2019examen des candidatures ISAT des institutions d\u2019enseignement des professions de la sant\u00e9 du monde entier. Chaque comit\u00e9 de r\u00e9vision est compos\u00e9 de repr\u00e9sentantes et repr\u00e9sentants d\u2019institutions qui ont les connaissances et la pratique en mati\u00e8re de responsabilit\u00e9 sociale. Pour \u00e9largir la port\u00e9e de l\u2019ISAT au-del\u00e0 des institutions anglophones, nous avons d\u00e9velopp\u00e9 des comit\u00e9s de r\u00e9vision pour examiner les candidatures dans les langues suivantes : espagnol, portugais et fran\u00e7ais. Nous exprimons notre gratitude aux membres du Comit\u00e9 de r\u00e9vision, qui offrent b\u00e9n\u00e9volement leur temps et leur expertise dans le but de d\u00e9velopper des institutions socialement responsables.<\/p>\t\t\t\t\t\t\t\t<\/div>\n\t\t\t\t<\/div>\n\t\t\t\t\t<\/div>\n\t\t<\/div>\n\t\t\t\t\t<\/div>\n\t\t<\/section>\n\t\t\t\t<section class=\"elementor-section elementor-top-section elementor-element elementor-element-13f5ebb our_commmeeti elementor-section-boxed elementor-section-height-default elementor-section-height-default\" data-id=\"13f5ebb\" data-element_type=\"section\" data-e-type=\"section\">\n\t\t\t\t\t\t<div class=\"elementor-container elementor-column-gap-default\">\n\t\t\t\t\t<div class=\"elementor-column elementor-col-33 elementor-top-column elementor-element elementor-element-1ee09c7\" data-id=\"1ee09c7\" data-element_type=\"column\" data-e-type=\"column\">\n\t\t\t<div class=\"elementor-widget-wrap elementor-element-populated\">\n\t\t\t\t\t\t<div class=\"elementor-element elementor-element-69788ae elementor-position-top elementor-widget elementor-widget-image-box\" data-id=\"69788ae\" data-element_type=\"widget\" data-e-type=\"widget\" data-widget_type=\"image-box.default\">\n\t\t\t\t<div class=\"elementor-widget-container\">\n\t\t\t\t\t<div class=\"elementor-image-box-wrapper\"><figure class=\"elementor-image-box-img\"><img fetchpriority=\"high\" decoding=\"async\" width=\"300\" height=\"421\" src=\"https:\/\/socialaccountabilityhealth.org\/wp-content\/uploads\/2022\/10\/Sharon-Hatcher.jpg\" class=\"attachment-full size-full wp-image-1003\" alt=\"\" srcset=\"https:\/\/socialaccountabilityhealth.org\/wp-content\/uploads\/2022\/10\/Sharon-Hatcher.jpg 300w, https:\/\/socialaccountabilityhealth.org\/wp-content\/uploads\/2022\/10\/Sharon-Hatcher-214x300.jpg 214w\" sizes=\"(max-width: 300px) 100vw, 300px\" \/><\/figure><div class=\"elementor-image-box-content\"><h3 class=\"elementor-image-box-title\">Sharon Hatcher - CHAIR<\/h3><p class=\"elementor-image-box-description\">Universit\u00e9 de Sherbrooke, <br>Canada<span class=\"flag_icn\"><img decoding=\"async\" src=\"http:\/\/socialaccountabilityhealth.org\/wp-content\/uploads\/2022\/10\/canada_flag.png\" width=\"25px\" title=\"Canada\"><\/span><\/p><\/div><\/div>\t\t\t\t<\/div>\n\t\t\t\t<\/div>\n\t\t\t\t<div class=\"elementor-element elementor-element-aa5e89c elementor-widget elementor-widget-toggle\" data-id=\"aa5e89c\" data-element_type=\"widget\" data-e-type=\"widget\" data-widget_type=\"toggle.default\">\n\t\t\t\t<div class=\"elementor-widget-container\">\n\t\t\t\t\t\t\t<div class=\"elementor-toggle\">\n\t\t\t\t\t\t\t<div class=\"elementor-toggle-item\">\n\t\t\t\t\t<div id=\"elementor-tab-title-1781\" class=\"elementor-tab-title\" data-tab=\"1\" role=\"button\" aria-controls=\"elementor-tab-content-1781\" aria-expanded=\"false\">\n\t\t\t\t\t\t\t\t\t\t\t\t<span class=\"elementor-toggle-icon elementor-toggle-icon-left\" aria-hidden=\"true\">\n\t\t\t\t\t\t\t\t\t\t\t\t\t\t\t<span class=\"elementor-toggle-icon-closed\"><i class=\"fas fa-caret-right\"><\/i><\/span>\n\t\t\t\t\t\t\t\t<span class=\"elementor-toggle-icon-opened\"><i class=\"elementor-toggle-icon-opened fas fa-caret-up\"><\/i><\/span>\n\t\t\t\t\t\t\t\t\t\t\t\t\t<\/span>\n\t\t\t\t\t\t\t\t\t\t\t\t<a class=\"elementor-toggle-title\" tabindex=\"0\">Biographie<\/a>\n\t\t\t\t\t<\/div>\n\n\t\t\t\t\t<div id=\"elementor-tab-content-1781\" class=\"elementor-tab-content elementor-clearfix\" data-tab=\"1\" role=\"region\" aria-labelledby=\"elementor-tab-title-1781\"><p style=\"font-weight: 400;\">Pre Sharon Hatcher est un m\u00e9decin de famille oeuvrant \u00e0 Saguenay, Qu\u00e9bec, Canada depuis quarante ans, pratiquant aupr\u00e8s de populations vuln\u00e9rables dont les peuples autochtones. Dipl\u00f4m\u00e9e en m\u00e9decine de l\u2019universit\u00e9 d\u2019Ottawa en 1984, elle a compl\u00e9t\u00e9 sa r\u00e9sidence en m\u00e9decine de famille \u00e0 l\u2019Universit\u00e9 McGill en 1986. D\u00e9tentrice d\u2019une ma\u00eetrise en sciences cliniques (2014), Dre Hatcher est professeure titulaire de la Facult\u00e9 de m\u00e9decine et des sciences de la sant\u00e9 (FMSS) de l\u2019Universit\u00e9 de Sherbrooke.\u00a0\u00c0 Saguenay, elle a particip\u00e9 \u00e0 fonder l\u2019Unit\u00e9 de m\u00e9decine de famille en 1988 et \u00e0 implanter le Programme de formation m\u00e9dicale d\u00e9localis\u00e9e de l\u2019Universit\u00e9 de Sherbrooke en 2006. Elle a \u00e9t\u00e9 doyenne associ\u00e9e de la FMSS pour la r\u00e9gion du Saguenay-Lac-Saint-Jean de 2013 \u00e0 2022. Depuis janvier 2023, Pre Hatcher est directrice du Bureau de la responsabilit\u00e9 sociale de la FMSS et adjointe au Vice-d\u00e9canat \u00e0 la responsabilit\u00e9 sociale et \u00e0 la sant\u00e9 durable depuis juillet 2025.<\/p><\/div>\n\t\t\t\t<\/div>\n\t\t\t\t\t\t\t\t<\/div>\n\t\t\t\t\t\t<\/div>\n\t\t\t\t<\/div>\n\t\t\t\t\t<\/div>\n\t\t<\/div>\n\t\t\t\t<div class=\"elementor-column elementor-col-33 elementor-top-column elementor-element elementor-element-97a77e0\" data-id=\"97a77e0\" data-element_type=\"column\" data-e-type=\"column\">\n\t\t\t<div class=\"elementor-widget-wrap elementor-element-populated\">\n\t\t\t\t\t\t<div class=\"elementor-element elementor-element-7159e9c elementor-position-top elementor-widget elementor-widget-image-box\" data-id=\"7159e9c\" data-element_type=\"widget\" data-e-type=\"widget\" data-widget_type=\"image-box.default\">\n\t\t\t\t<div class=\"elementor-widget-container\">\n\t\t\t\t\t<div class=\"elementor-image-box-wrapper\"><figure class=\"elementor-image-box-img\"><img decoding=\"async\" width=\"200\" height=\"200\" src=\"https:\/\/socialaccountabilityhealth.org\/wp-content\/uploads\/2022\/10\/Jacques-E-Girard.jpg\" class=\"attachment-full size-full wp-image-1043\" alt=\"\" srcset=\"https:\/\/socialaccountabilityhealth.org\/wp-content\/uploads\/2022\/10\/Jacques-E-Girard.jpg 200w, https:\/\/socialaccountabilityhealth.org\/wp-content\/uploads\/2022\/10\/Jacques-E-Girard-150x150.jpg 150w, https:\/\/socialaccountabilityhealth.org\/wp-content\/uploads\/2022\/10\/Jacques-E-Girard-100x100.jpg 100w\" sizes=\"(max-width: 200px) 100vw, 200px\" \/><\/figure><div class=\"elementor-image-box-content\"><h3 class=\"elementor-image-box-title\">Jacques E. Girard<\/h3><p class=\"elementor-image-box-description\">Universit\u00e9 Laval, <br>Canada<span class=\"flag_icn\"><img decoding=\"async\" src=\"http:\/\/socialaccountabilityhealth.org\/wp-content\/uploads\/2022\/10\/canada_flag.png\" width=\"25px\" title=\"Canada\"><\/span><\/p><\/div><\/div>\t\t\t\t<\/div>\n\t\t\t\t<\/div>\n\t\t\t\t\t<\/div>\n\t\t<\/div>\n\t\t\t\t<div class=\"elementor-column elementor-col-33 elementor-top-column elementor-element elementor-element-ed008c8\" data-id=\"ed008c8\" data-element_type=\"column\" data-e-type=\"column\">\n\t\t\t<div class=\"elementor-widget-wrap elementor-element-populated\">\n\t\t\t\t\t\t<div class=\"elementor-element elementor-element-edb266b elementor-position-top elementor-widget elementor-widget-image-box\" data-id=\"edb266b\" data-element_type=\"widget\" data-e-type=\"widget\" data-widget_type=\"image-box.default\">\n\t\t\t\t<div class=\"elementor-widget-container\">\n\t\t\t\t\t<div class=\"elementor-image-box-wrapper\"><figure class=\"elementor-image-box-img\"><img decoding=\"async\" width=\"768\" height=\"768\" src=\"https:\/\/socialaccountabilityhealth.org\/wp-content\/uploads\/2022\/10\/Andre\u0301-Jacques-Neusy.jpg\" class=\"attachment-full size-full wp-image-1031\" alt=\"\" srcset=\"https:\/\/socialaccountabilityhealth.org\/wp-content\/uploads\/2022\/10\/Andre\u0301-Jacques-Neusy.jpg 768w, https:\/\/socialaccountabilityhealth.org\/wp-content\/uploads\/2022\/10\/Andre\u0301-Jacques-Neusy-300x300.jpg 300w, https:\/\/socialaccountabilityhealth.org\/wp-content\/uploads\/2022\/10\/Andre\u0301-Jacques-Neusy-150x150.jpg 150w, https:\/\/socialaccountabilityhealth.org\/wp-content\/uploads\/2022\/10\/Andre\u0301-Jacques-Neusy-600x600.jpg 600w, https:\/\/socialaccountabilityhealth.org\/wp-content\/uploads\/2022\/10\/Andre\u0301-Jacques-Neusy-100x100.jpg 100w\" sizes=\"(max-width: 768px) 100vw, 768px\" \/><\/figure><div class=\"elementor-image-box-content\"><h3 class=\"elementor-image-box-title\">Andr\u00e9-Jacques Neusy<\/h3><p class=\"elementor-image-box-description\">THEnet, <br>USA<span class=\"flag_icn\"><img decoding=\"async\" src=\"http:\/\/socialaccountabilityhealth.org\/wp-content\/uploads\/2022\/10\/usa_flag.png\" width=\"25px\" title=\"USA\"><\/span><\/p><\/div><\/div>\t\t\t\t<\/div>\n\t\t\t\t<\/div>\n\t\t\t\t\t<\/div>\n\t\t<\/div>\n\t\t\t\t\t<\/div>\n\t\t<\/section>\n\t\t\t\t<section class=\"elementor-section elementor-top-section elementor-element elementor-element-e5e1885 our_commmeeti elementor-section-boxed elementor-section-height-default elementor-section-height-default\" data-id=\"e5e1885\" data-element_type=\"section\" data-e-type=\"section\">\n\t\t\t\t\t\t<div class=\"elementor-container elementor-column-gap-default\">\n\t\t\t\t\t<div class=\"elementor-column elementor-col-33 elementor-top-column elementor-element elementor-element-f8dbb47\" data-id=\"f8dbb47\" data-element_type=\"column\" data-e-type=\"column\">\n\t\t\t<div class=\"elementor-widget-wrap elementor-element-populated\">\n\t\t\t\t\t\t<div class=\"elementor-element elementor-element-a80af50 elementor-position-top elementor-widget elementor-widget-image-box\" data-id=\"a80af50\" data-element_type=\"widget\" data-e-type=\"widget\" data-widget_type=\"image-box.default\">\n\t\t\t\t<div class=\"elementor-widget-container\">\n\t\t\t\t\t<div class=\"elementor-image-box-wrapper\"><figure class=\"elementor-image-box-img\"><img loading=\"lazy\" decoding=\"async\" width=\"1181\" height=\"1654\" src=\"https:\/\/socialaccountabilityhealth.org\/wp-content\/uploads\/2024\/02\/DSC_0156.jpg\" class=\"attachment-full size-full wp-image-2052\" alt=\"\" srcset=\"https:\/\/socialaccountabilityhealth.org\/wp-content\/uploads\/2024\/02\/DSC_0156.jpg 1181w, https:\/\/socialaccountabilityhealth.org\/wp-content\/uploads\/2024\/02\/DSC_0156-214x300.jpg 214w, https:\/\/socialaccountabilityhealth.org\/wp-content\/uploads\/2024\/02\/DSC_0156-731x1024.jpg 731w, https:\/\/socialaccountabilityhealth.org\/wp-content\/uploads\/2024\/02\/DSC_0156-768x1076.jpg 768w, https:\/\/socialaccountabilityhealth.org\/wp-content\/uploads\/2024\/02\/DSC_0156-1097x1536.jpg 1097w\" sizes=\"(max-width: 1181px) 100vw, 1181px\" \/><\/figure><div class=\"elementor-image-box-content\"><h3 class=\"elementor-image-box-title\">Nadia Ben Mansour<\/h3><p class=\"elementor-image-box-description\">La Facult\u00e9 de M\u00e9decine de Tunis, Universit\u00e9 Tunis El Manar, Tunisie <br><img decoding=\"async\" src=\"http:\/\/socialaccountabilityhealth.org\/wp-content\/uploads\/2024\/02\/circle-flag-of-tunisia-free-png.webp\" width=\"45px\" title=\"Burundi\" style=\"font-family: Roboto, sans-serif\"><\/p><\/div><\/div>\t\t\t\t<\/div>\n\t\t\t\t<\/div>\n\t\t\t\t<div class=\"elementor-element elementor-element-5ac603c elementor-widget elementor-widget-toggle\" data-id=\"5ac603c\" data-element_type=\"widget\" data-e-type=\"widget\" data-widget_type=\"toggle.default\">\n\t\t\t\t<div class=\"elementor-widget-container\">\n\t\t\t\t\t\t\t<div class=\"elementor-toggle\">\n\t\t\t\t\t\t\t<div class=\"elementor-toggle-item\">\n\t\t\t\t\t<div id=\"elementor-tab-title-9511\" class=\"elementor-tab-title\" data-tab=\"1\" role=\"button\" aria-controls=\"elementor-tab-content-9511\" aria-expanded=\"false\">\n\t\t\t\t\t\t\t\t\t\t\t\t<span class=\"elementor-toggle-icon elementor-toggle-icon-left\" aria-hidden=\"true\">\n\t\t\t\t\t\t\t\t\t\t\t\t\t\t\t<span class=\"elementor-toggle-icon-closed\"><i class=\"fas fa-caret-right\"><\/i><\/span>\n\t\t\t\t\t\t\t\t<span class=\"elementor-toggle-icon-opened\"><i class=\"elementor-toggle-icon-opened fas fa-caret-up\"><\/i><\/span>\n\t\t\t\t\t\t\t\t\t\t\t\t\t<\/span>\n\t\t\t\t\t\t\t\t\t\t\t\t<a class=\"elementor-toggle-title\" tabindex=\"0\">Biographie<\/a>\n\t\t\t\t\t<\/div>\n\n\t\t\t\t\t<div id=\"elementor-tab-content-9511\" class=\"elementor-tab-content elementor-clearfix\" data-tab=\"1\" role=\"region\" aria-labelledby=\"elementor-tab-title-9511\"><p>Nadia Ben Mansour est m\u00e9decin professeure\u00a0en m\u00e9decine pr\u00e9ventive et sociale\u00a0et chercheuse en sant\u00e9 publique \u00e0 la Facult\u00e9 de M\u00e9decine de Tunis. Ses travaux portent sur la pr\u00e9vention des maladies non transmissibles, les politiques de sant\u00e9 et la promotion de l\u2019\u00e9quit\u00e9 en sant\u00e9, avec un int\u00e9r\u00eat particulier pour la responsabilit\u00e9 sociale des institutions de formation en sant\u00e9. Elle s\u2019implique dans des initiatives de recherche et d\u2019innovation visant \u00e0 rapprocher la formation, la recherche et l\u2019action au service des besoins prioritaires des populations.<\/p><\/div>\n\t\t\t\t<\/div>\n\t\t\t\t\t\t\t\t<\/div>\n\t\t\t\t\t\t<\/div>\n\t\t\t\t<\/div>\n\t\t\t\t\t<\/div>\n\t\t<\/div>\n\t\t\t\t<div class=\"elementor-column elementor-col-33 elementor-top-column elementor-element elementor-element-68f661f\" data-id=\"68f661f\" data-element_type=\"column\" data-e-type=\"column\">\n\t\t\t<div class=\"elementor-widget-wrap elementor-element-populated\">\n\t\t\t\t\t\t<div class=\"elementor-element elementor-element-d7e3580 elementor-position-top elementor-widget elementor-widget-image-box\" data-id=\"d7e3580\" data-element_type=\"widget\" data-e-type=\"widget\" data-widget_type=\"image-box.default\">\n\t\t\t\t<div class=\"elementor-widget-container\">\n\t\t\t\t\t<div class=\"elementor-image-box-wrapper\"><figure class=\"elementor-image-box-img\"><img loading=\"lazy\" decoding=\"async\" width=\"719\" height=\"1058\" src=\"https:\/\/socialaccountabilityhealth.org\/wp-content\/uploads\/2022\/10\/Levy-Channel-Baratambutsa.png\" class=\"attachment-full size-full wp-image-987\" alt=\"\" srcset=\"https:\/\/socialaccountabilityhealth.org\/wp-content\/uploads\/2022\/10\/Levy-Channel-Baratambutsa.png 719w, https:\/\/socialaccountabilityhealth.org\/wp-content\/uploads\/2022\/10\/Levy-Channel-Baratambutsa-204x300.png 204w, https:\/\/socialaccountabilityhealth.org\/wp-content\/uploads\/2022\/10\/Levy-Channel-Baratambutsa-696x1024.png 696w, https:\/\/socialaccountabilityhealth.org\/wp-content\/uploads\/2022\/10\/Levy-Channel-Baratambutsa-600x883.png 600w\" sizes=\"(max-width: 719px) 100vw, 719px\" \/><\/figure><div class=\"elementor-image-box-content\"><h3 class=\"elementor-image-box-title\">Levy Channel Baratambutsa<\/h3><p class=\"elementor-image-box-description\">TUFH\/SNO, <br>Burundi<span class=\"flag_icn\"><img decoding=\"async\" src=\"http:\/\/socialaccountabilityhealth.org\/wp-content\/uploads\/2022\/10\/burundi.jpg\" width=\"25px\" title=\"Burundi\"><\/span><\/p><\/div><\/div>\t\t\t\t<\/div>\n\t\t\t\t<\/div>\n\t\t\t\t\t<\/div>\n\t\t<\/div>\n\t\t\t\t<div class=\"elementor-column elementor-col-33 elementor-top-column elementor-element elementor-element-05d8993\" data-id=\"05d8993\" data-element_type=\"column\" data-e-type=\"column\">\n\t\t\t<div class=\"elementor-widget-wrap elementor-element-populated\">\n\t\t\t\t\t\t<div class=\"elementor-element elementor-element-c8d3ab3 elementor-position-top elementor-widget elementor-widget-image-box\" data-id=\"c8d3ab3\" data-element_type=\"widget\" data-e-type=\"widget\" data-widget_type=\"image-box.default\">\n\t\t\t\t<div class=\"elementor-widget-container\">\n\t\t\t\t\t<div class=\"elementor-image-box-wrapper\"><figure class=\"elementor-image-box-img\"><img loading=\"lazy\" decoding=\"async\" width=\"1192\" height=\"1405\" src=\"https:\/\/socialaccountabilityhealth.org\/wp-content\/uploads\/2024\/02\/Photo-Sebbani-Majda.jpg\" class=\"attachment-full size-full wp-image-2013\" alt=\"\" srcset=\"https:\/\/socialaccountabilityhealth.org\/wp-content\/uploads\/2024\/02\/Photo-Sebbani-Majda.jpg 1192w, https:\/\/socialaccountabilityhealth.org\/wp-content\/uploads\/2024\/02\/Photo-Sebbani-Majda-255x300.jpg 255w, https:\/\/socialaccountabilityhealth.org\/wp-content\/uploads\/2024\/02\/Photo-Sebbani-Majda-869x1024.jpg 869w, https:\/\/socialaccountabilityhealth.org\/wp-content\/uploads\/2024\/02\/Photo-Sebbani-Majda-768x905.jpg 768w\" sizes=\"(max-width: 1192px) 100vw, 1192px\" \/><\/figure><div class=\"elementor-image-box-content\"><h3 class=\"elementor-image-box-title\">Sebbani Majda<\/h3><p class=\"elementor-image-box-description\">Facult\u00e9 de M\u00e9decine et de Pharmacie de Marrakech, Universit\u00e9 Cadi Ayyad, Maroc<span><img decoding=\"async\" src=\"http:\/\/socialaccountabilityhealth.org\/wp-content\/uploads\/2024\/02\/Flag_of_Morocco_Flat_Round-2048x2048-1.png\" width=\"45px\" title=\"Burundi\"><span style=\"color: var( --e-global-color-text );font-family: Roboto, sans-serif\"><\/span><\/span><\/p><\/div><\/div>\t\t\t\t<\/div>\n\t\t\t\t<\/div>\n\t\t\t\t<div class=\"elementor-element elementor-element-c4fffcc elementor-widget elementor-widget-toggle\" data-id=\"c4fffcc\" data-element_type=\"widget\" data-e-type=\"widget\" data-widget_type=\"toggle.default\">\n\t\t\t\t<div class=\"elementor-widget-container\">\n\t\t\t\t\t\t\t<div class=\"elementor-toggle\">\n\t\t\t\t\t\t\t<div class=\"elementor-toggle-item\">\n\t\t\t\t\t<div id=\"elementor-tab-title-2061\" class=\"elementor-tab-title\" data-tab=\"1\" role=\"button\" aria-controls=\"elementor-tab-content-2061\" aria-expanded=\"false\">\n\t\t\t\t\t\t\t\t\t\t\t\t<span class=\"elementor-toggle-icon elementor-toggle-icon-left\" aria-hidden=\"true\">\n\t\t\t\t\t\t\t\t\t\t\t\t\t\t\t<span class=\"elementor-toggle-icon-closed\"><i class=\"fas fa-caret-right\"><\/i><\/span>\n\t\t\t\t\t\t\t\t<span class=\"elementor-toggle-icon-opened\"><i class=\"elementor-toggle-icon-opened fas fa-caret-up\"><\/i><\/span>\n\t\t\t\t\t\t\t\t\t\t\t\t\t<\/span>\n\t\t\t\t\t\t\t\t\t\t\t\t<a class=\"elementor-toggle-title\" tabindex=\"0\">Biographie<\/a>\n\t\t\t\t\t<\/div>\n\n\t\t\t\t\t<div id=\"elementor-tab-content-2061\" class=\"elementor-tab-content elementor-clearfix\" data-tab=\"1\" role=\"region\" aria-labelledby=\"elementor-tab-title-2061\"><p>Majda Sebbani (MD, MpH, PhD) est professeur et cheffe du d\u00e9partement de sant\u00e9 publique \u00e0 la Facult\u00e9 de M\u00e9decine et de Pharmacie de Marrakech, Universit\u00e9 Cadi Ayyad, Maroc. Sp\u00e9cialiste de la promotion de la sant\u00e9 et de l\u2019enseignement m\u00e9dical communautaire, ses travaux de recherche portent sur les probl\u00e9matiques de la sant\u00e9 publique, la sant\u00e9 et le bien \u00eatre et sur les r\u00e9formes de l\u2019\u00e9ducation m\u00e9dicale visant \u00e0 renforcer la continuit\u00e9, la coordination et l\u2019\u00e9quit\u00e9 des soins.<\/p><\/div>\n\t\t\t\t<\/div>\n\t\t\t\t\t\t\t\t<\/div>\n\t\t\t\t\t\t<\/div>\n\t\t\t\t<\/div>\n\t\t\t\t\t<\/div>\n\t\t<\/div>\n\t\t\t\t\t<\/div>\n\t\t<\/section>\n\t\t\t\t<section class=\"elementor-section elementor-top-section elementor-element elementor-element-fa7f07b our_commmeeti elementor-section-boxed elementor-section-height-default elementor-section-height-default\" data-id=\"fa7f07b\" data-element_type=\"section\" data-e-type=\"section\">\n\t\t\t\t\t\t<div class=\"elementor-container elementor-column-gap-default\">\n\t\t\t\t\t<div class=\"elementor-column elementor-col-33 elementor-top-column elementor-element elementor-element-3da2c16\" data-id=\"3da2c16\" data-element_type=\"column\" data-e-type=\"column\">\n\t\t\t<div class=\"elementor-widget-wrap elementor-element-populated\">\n\t\t\t\t\t\t<div class=\"elementor-element elementor-element-c00cb98 elementor-position-top elementor-widget elementor-widget-image-box\" data-id=\"c00cb98\" data-element_type=\"widget\" data-e-type=\"widget\" data-widget_type=\"image-box.default\">\n\t\t\t\t<div class=\"elementor-widget-container\">\n\t\t\t\t\t<div class=\"elementor-image-box-wrapper\"><figure class=\"elementor-image-box-img\"><img loading=\"lazy\" decoding=\"async\" width=\"720\" height=\"960\" src=\"https:\/\/socialaccountabilityhealth.org\/wp-content\/uploads\/2024\/02\/FB_IMG_1708424050021.jpg\" class=\"attachment-full size-full wp-image-2031\" alt=\"\" srcset=\"https:\/\/socialaccountabilityhealth.org\/wp-content\/uploads\/2024\/02\/FB_IMG_1708424050021.jpg 720w, https:\/\/socialaccountabilityhealth.org\/wp-content\/uploads\/2024\/02\/FB_IMG_1708424050021-225x300.jpg 225w\" sizes=\"(max-width: 720px) 100vw, 720px\" \/><\/figure><div class=\"elementor-image-box-content\"><h3 class=\"elementor-image-box-title\">Olfa Zoukar<\/h3><p class=\"elementor-image-box-description\">Facult\u00e9 de M\u00e9decine de Monastir,<br>Tunisie&nbsp;<div><img decoding=\"async\" src=\"http:\/\/socialaccountabilityhealth.org\/wp-content\/uploads\/2024\/02\/circle-flag-of-tunisia-free-png.webp\" width=\"45px\" title=\"Burundi\" style=\"font-family: Roboto, sans-serif\"><span style=\"font-family: Roboto, sans-serif\"><\/span><br><\/div><\/div><\/div>\t\t\t\t<\/div>\n\t\t\t\t<\/div>\n\t\t\t\t<div class=\"elementor-element elementor-element-eb83240 elementor-widget elementor-widget-toggle\" data-id=\"eb83240\" data-element_type=\"widget\" data-e-type=\"widget\" data-widget_type=\"toggle.default\">\n\t\t\t\t<div class=\"elementor-widget-container\">\n\t\t\t\t\t\t\t<div class=\"elementor-toggle\">\n\t\t\t\t\t\t\t<div class=\"elementor-toggle-item\">\n\t\t\t\t\t<div id=\"elementor-tab-title-2461\" class=\"elementor-tab-title\" data-tab=\"1\" role=\"button\" aria-controls=\"elementor-tab-content-2461\" aria-expanded=\"false\">\n\t\t\t\t\t\t\t\t\t\t\t\t<span class=\"elementor-toggle-icon elementor-toggle-icon-left\" aria-hidden=\"true\">\n\t\t\t\t\t\t\t\t\t\t\t\t\t\t\t<span class=\"elementor-toggle-icon-closed\"><i class=\"fas fa-caret-right\"><\/i><\/span>\n\t\t\t\t\t\t\t\t<span class=\"elementor-toggle-icon-opened\"><i class=\"elementor-toggle-icon-opened fas fa-caret-up\"><\/i><\/span>\n\t\t\t\t\t\t\t\t\t\t\t\t\t<\/span>\n\t\t\t\t\t\t\t\t\t\t\t\t<a class=\"elementor-toggle-title\" tabindex=\"0\">Biographie<\/a>\n\t\t\t\t\t<\/div>\n\n\t\t\t\t\t<div id=\"elementor-tab-content-2461\" class=\"elementor-tab-content elementor-clearfix\" data-tab=\"1\" role=\"region\" aria-labelledby=\"elementor-tab-title-2461\"><p>Je suis Professeure hospitalo-universitaire en gyn\u00e9cologie-obst\u00e9trique au Centre de Maternit\u00e9 de Monastir et \u00e0 la Facult\u00e9 de M\u00e9decine de Monastir (Tunisie). Ancienne vice-doyenne charg\u00e9e du d\u00e9veloppement professionnel continu et ancienne vice-pr\u00e9sidente de l\u2019Amicale des enseignants de la facult\u00e9, je poss\u00e8de une expertise en chirurgie s\u00e9nologique, en chirurgie gyn\u00e9cologique esth\u00e9tique et r\u00e9paratrice ainsi qu\u2019en procr\u00e9ation m\u00e9dicalement assist\u00e9e (PMA). Je m\u2019int\u00e9resse \u00e9galement \u00e0 la recherche scientifique dans le domaine de la sant\u00e9 de la femme et je suis pr\u00e9sidente du comit\u00e9 de partenariat entre le Sud-Ouest tunisien et la r\u00e9gion de Monastir.<\/p><\/div>\n\t\t\t\t<\/div>\n\t\t\t\t\t\t\t\t<\/div>\n\t\t\t\t\t\t<\/div>\n\t\t\t\t<\/div>\n\t\t\t\t\t<\/div>\n\t\t<\/div>\n\t\t\t\t<div class=\"elementor-column elementor-col-33 elementor-top-column elementor-element elementor-element-c3ee14e\" data-id=\"c3ee14e\" data-element_type=\"column\" data-e-type=\"column\">\n\t\t\t<div class=\"elementor-widget-wrap elementor-element-populated\">\n\t\t\t\t\t\t<div class=\"elementor-element elementor-element-b06addd elementor-position-top elementor-widget elementor-widget-image-box\" data-id=\"b06addd\" data-element_type=\"widget\" data-e-type=\"widget\" data-widget_type=\"image-box.default\">\n\t\t\t\t<div class=\"elementor-widget-container\">\n\t\t\t\t\t<div class=\"elementor-image-box-wrapper\"><figure class=\"elementor-image-box-img\"><img loading=\"lazy\" decoding=\"async\" width=\"418\" height=\"428\" src=\"https:\/\/socialaccountabilityhealth.org\/wp-content\/uploads\/2025\/11\/Screenshot-2025-11-18-at-21.06.30.png\" class=\"attachment-full size-full wp-image-3099\" alt=\"\" srcset=\"https:\/\/socialaccountabilityhealth.org\/wp-content\/uploads\/2025\/11\/Screenshot-2025-11-18-at-21.06.30.png 418w, https:\/\/socialaccountabilityhealth.org\/wp-content\/uploads\/2025\/11\/Screenshot-2025-11-18-at-21.06.30-293x300.png 293w\" sizes=\"(max-width: 418px) 100vw, 418px\" \/><\/figure><div class=\"elementor-image-box-content\"><h3 class=\"elementor-image-box-title\">Ali Mitraoui<\/h3><p class=\"elementor-image-box-description\">Honorary Dean of Faculty of Medicine of the University of Sousse, Tunis&nbsp;<div><img decoding=\"async\" src=\"http:\/\/socialaccountabilityhealth.org\/wp-content\/uploads\/2024\/02\/circle-flag-of-tunisia-free-png.webp\" width=\"45px\" title=\"Burundi\" style=\"border-width: medium;border-style: none\"><span style=\"font-family: Roboto, sans-serif\"><\/span><\/div><\/div><\/div>\t\t\t\t<\/div>\n\t\t\t\t<\/div>\n\t\t\t\t<div class=\"elementor-element elementor-element-b628409 elementor-widget elementor-widget-toggle\" data-id=\"b628409\" data-element_type=\"widget\" data-e-type=\"widget\" data-widget_type=\"toggle.default\">\n\t\t\t\t<div class=\"elementor-widget-container\">\n\t\t\t\t\t\t\t<div class=\"elementor-toggle\">\n\t\t\t\t\t\t\t<div class=\"elementor-toggle-item\">\n\t\t\t\t\t<div id=\"elementor-tab-title-1911\" class=\"elementor-tab-title\" data-tab=\"1\" role=\"button\" aria-controls=\"elementor-tab-content-1911\" aria-expanded=\"false\">\n\t\t\t\t\t\t\t\t\t\t\t\t<span class=\"elementor-toggle-icon elementor-toggle-icon-left\" aria-hidden=\"true\">\n\t\t\t\t\t\t\t\t\t\t\t\t\t\t\t<span class=\"elementor-toggle-icon-closed\"><i class=\"fas fa-caret-right\"><\/i><\/span>\n\t\t\t\t\t\t\t\t<span class=\"elementor-toggle-icon-opened\"><i class=\"elementor-toggle-icon-opened fas fa-caret-up\"><\/i><\/span>\n\t\t\t\t\t\t\t\t\t\t\t\t\t<\/span>\n\t\t\t\t\t\t\t\t\t\t\t\t<a class=\"elementor-toggle-title\" tabindex=\"0\">Biographie<\/a>\n\t\t\t\t\t<\/div>\n\n\t\t\t\t\t<div id=\"elementor-tab-content-1911\" class=\"elementor-tab-content elementor-clearfix\" data-tab=\"1\" role=\"region\" aria-labelledby=\"elementor-tab-title-1911\"><p>Le Professeur Ali MTIRAOUI est une autorit\u00e9 scientifique reconnue pour son expertise unique \u00e0 l&#8217;intersection de l&#8217;enseignement sup\u00e9rieur, de la sant\u00e9 publique et de l&#8217;\u00e9valuation institutionnelle. Son parcours sans pr\u00e9c\u00e9dent couvre l&#8217;int\u00e9gralit\u00e9 du syst\u00e8me de sant\u00e9 et de l&#8217;acad\u00e9mie, du terrain \u00e0 la gouvernance ex\u00e9cutive.<\/p><p><strong><span style=\"text-decoration: underline;\">Autorit\u00e9 et Influence Internationale<\/span><\/strong><br \/>L&#8217;impact du Professeur MTIRAOUI sur la recherche et l&#8217;\u00e9ducation est attest\u00e9 par des reconnaissances majeures :<\/p><ul><li>Laur\u00e9at du Prix de la recherche tunisienne Cairn.info &#8211; Al-Fikr 2025, une distinction honorant son statut d&#8217;auteur tunisien le plus lu en 2024, avec plus de 92 000 consultations de ses articles par des<br \/>institutions abonn\u00e9es dans 80 pays.<\/li><li>Fellowship sur la Responsabilit\u00e9 Sociale (2023-2024), men\u00e9 en partenariat avec l&#8217;Universit\u00e9 NOSM, le R\u00e9seau TUFH (The Network: Towards Unity for Health) et l&#8217;Universit\u00e9 de Limerick.<\/li><li>Laur\u00e9at du Prix International d\u2019Excellence en d\u00e9veloppement et transfert de connaissances\u00bb pour la<br \/>qualit\u00e9 exceptionnelle des travaux de recherche &amp; son apport au d\u00e9veloppement de la recherche en<br \/>Tunisie au titre de l\u2019ann\u00e9e 2021 ; Prix d\u00e9cern\u00e9 par l\u2019Universit\u00e9 de Montr\u00e9al, le Minist\u00e8re de l\u2019enseignement<br \/>sup\u00e9rieur et de la recherche scientifique tunisien &amp; la Fondation Docteur Sadok Besrour<\/li><\/ul><p><span style=\"text-decoration: underline;\"><strong>Leadership et Gouvernance Institutionnelle<\/strong><\/span><br \/>Le Professeur MTIRAOUI est un leader ex\u00e9cutif qui a pilot\u00e9 la transformation et la gestion strat\u00e9gique de grandes<br \/>institutions :<\/p><ul><li>Pr\u00e9sident \u00c9lu, Coll\u00e8ge scientifique de l\u2019ATEA (Agence Tunisienne de l\u2019\u00c9valuation et de l\u2019Accr\u00e9ditation<br \/>de l\u2019Enseignement Sup\u00e9rieur, depuis 2025).<\/li><li>Ancien Pr\u00e9sident de l\u2019Universit\u00e9 de Sousse (2017-2020) et Doyen honoraire (Doyen de 2011 \u00e0 2017)<br \/>de la Facult\u00e9 de m\u00e9decine de Sousse.<\/li><li>Il a dirig\u00e9 la cr\u00e9ation de Masters sp\u00e9cialis\u00e9s (M\u00e9decine Familiale, Qualit\u00e9 des soins) et d&#8217;un programme de Doctorat (PhD) en sciences de la sant\u00e9, tout en dirigeant le Laboratoire de Recherche \u00ab Qualit\u00e9 des<br \/>soins &amp; Management des services de sant\u00e9 \u00bb.<\/li><\/ul><p><span style=\"text-decoration: underline;\"><strong>Expertise Op\u00e9rationnelle et Conseil Strat\u00e9gique<\/strong><\/span><br \/>Professeur de m\u00e9decine communautaire et de sant\u00e9 publique, son exp\u00e9rience est ancr\u00e9e dans une<br \/>compr\u00e9hension compl\u00e8te des besoins du syst\u00e8me :<\/p><ul><li>Parcours Int\u00e9gral du Syst\u00e8me de Sant\u00e9 : Plus de 12 ans d&#8217;exp\u00e9rience op\u00e9rationnelle couvrant le r\u00f4le de<br \/>m\u00e9decin responsable de Centre de sant\u00e9, Chef de District sanitaire et Chef de Service R\u00e9gional des<br \/>Soins de Sant\u00e9 de Base, o\u00f9 il a g\u00e9r\u00e9 des \u00e9quipes multidisciplinaires et assur\u00e9 la planification sanitaire.<\/li><li>Conseil International : Consultant exp\u00e9riment\u00e9, il a r\u00e9alis\u00e9 des mandats en planification, \u00e9valuation,<br \/>certification de programmes et gestion des ressources humaines dans divers pays d\u00e9velopp\u00e9s et en voie de d\u00e9veloppement.<\/li><li>Gouvernance M\u00e9dicale : Premier Pr\u00e9sident du Coll\u00e8ge national de m\u00e9decine familiale et ancien Vice-pr\u00e9sident du Conseil de l&#8217;Ordre r\u00e9gional des m\u00e9decins du Centre.<\/li><\/ul><p><span style=\"text-decoration: underline;\"><strong>Formation<\/strong><\/span><br \/>Pr. MTIRAOUI est titulaire d&#8217;un MD (Sousse), d&#8217;un MSc en Sant\u00e9 Communautaire (Universit\u00e9 de Montr\u00e9al) et de<br \/>Statistiques appliqu\u00e9es en m\u00e9decine (Universit\u00e9 Pierre et Marie Curie de Paris).<\/p><\/div>\n\t\t\t\t<\/div>\n\t\t\t\t\t\t\t\t<\/div>\n\t\t\t\t\t\t<\/div>\n\t\t\t\t<\/div>\n\t\t\t\t\t<\/div>\n\t\t<\/div>\n\t\t\t\t<div class=\"elementor-column elementor-col-33 elementor-top-column elementor-element elementor-element-509ddc0\" data-id=\"509ddc0\" data-element_type=\"column\" data-e-type=\"column\">\n\t\t\t<div class=\"elementor-widget-wrap elementor-element-populated\">\n\t\t\t\t\t\t<div class=\"elementor-element elementor-element-40449ec elementor-position-top elementor-widget elementor-widget-image-box\" data-id=\"40449ec\" data-element_type=\"widget\" data-e-type=\"widget\" data-widget_type=\"image-box.default\">\n\t\t\t\t<div class=\"elementor-widget-container\">\n\t\t\t\t\t<div class=\"elementor-image-box-wrapper\"><figure class=\"elementor-image-box-img\"><img loading=\"lazy\" decoding=\"async\" width=\"1448\" height=\"1394\" src=\"https:\/\/socialaccountabilityhealth.org\/wp-content\/uploads\/2026\/03\/Luc-Samison-1.jpg\" class=\"attachment-full size-full wp-image-3199\" alt=\"\" srcset=\"https:\/\/socialaccountabilityhealth.org\/wp-content\/uploads\/2026\/03\/Luc-Samison-1.jpg 1448w, https:\/\/socialaccountabilityhealth.org\/wp-content\/uploads\/2026\/03\/Luc-Samison-1-300x289.jpg 300w, https:\/\/socialaccountabilityhealth.org\/wp-content\/uploads\/2026\/03\/Luc-Samison-1-1024x986.jpg 1024w, https:\/\/socialaccountabilityhealth.org\/wp-content\/uploads\/2026\/03\/Luc-Samison-1-768x739.jpg 768w\" sizes=\"(max-width: 1448px) 100vw, 1448px\" \/><\/figure><div class=\"elementor-image-box-content\"><h3 class=\"elementor-image-box-title\">Luc Samison<\/h3><p class=\"elementor-image-box-description\">Faculty of Medicine of the University of Antananarivo, Madagascar&nbsp;<div><img decoding=\"async\" src=\"https:\/\/socialaccountabilityhealth.org\/wp-content\/uploads\/2026\/03\/images-8.jpeg\" width=\"45px\" title=\"Burundi\" style=\"border-width: medium;border-style: none\"><span style=\"font-family: Roboto, sans-serif\"><\/span><\/div><\/div><\/div>\t\t\t\t<\/div>\n\t\t\t\t<\/div>\n\t\t\t\t<div class=\"elementor-element elementor-element-13ac28f elementor-widget elementor-widget-toggle\" data-id=\"13ac28f\" data-element_type=\"widget\" data-e-type=\"widget\" data-widget_type=\"toggle.default\">\n\t\t\t\t<div class=\"elementor-widget-container\">\n\t\t\t\t\t\t\t<div class=\"elementor-toggle\">\n\t\t\t\t\t\t\t<div class=\"elementor-toggle-item\">\n\t\t\t\t\t<div id=\"elementor-tab-title-2061\" class=\"elementor-tab-title\" data-tab=\"1\" role=\"button\" aria-controls=\"elementor-tab-content-2061\" aria-expanded=\"false\">\n\t\t\t\t\t\t\t\t\t\t\t\t<span class=\"elementor-toggle-icon elementor-toggle-icon-left\" aria-hidden=\"true\">\n\t\t\t\t\t\t\t\t\t\t\t\t\t\t\t<span class=\"elementor-toggle-icon-closed\"><i class=\"fas fa-caret-right\"><\/i><\/span>\n\t\t\t\t\t\t\t\t<span class=\"elementor-toggle-icon-opened\"><i class=\"elementor-toggle-icon-opened fas fa-caret-up\"><\/i><\/span>\n\t\t\t\t\t\t\t\t\t\t\t\t\t<\/span>\n\t\t\t\t\t\t\t\t\t\t\t\t<a class=\"elementor-toggle-title\" tabindex=\"0\">Biographie<\/a>\n\t\t\t\t\t<\/div>\n\n\t\t\t\t\t<div id=\"elementor-tab-content-2061\" class=\"elementor-tab-content elementor-clearfix\" data-tab=\"1\" role=\"region\" aria-labelledby=\"elementor-tab-title-2061\"><p>Le professeur Luc Samison, docteur en m\u00e9decine, est enseignant et chercheur \u00e0 la Facult\u00e9 de M\u00e9decine de l&#8217;Universit\u00e9 &#8216;Antananarivo. Il est sp\u00e9cialis\u00e9 en chirurgie visc\u00e9rale et a suivi ses<br \/>formations \u00e0 l&#8217;Universit\u00e9 d&#8217;Antananarivo, \u00e0 l&#8217;Universit\u00e9 Paul Sabatier de Toulouse et \u00e0<br \/>l&#8217;Universit\u00e9 Victor Segalen de Bordeaux. Il a \u00e9t\u00e9 Vice-doyen de la Facult\u00e9 de m\u00e9decine d&#8217;Antananarivo de 2008 \u00e0 2016, charg\u00e9 des relations internationales, du troisi\u00e8me cycle long et de la pharmacie, puis \u00e9lu Doyen de 2016 \u00e0 2019. Il est membre permanent de nombreux organismes de recherche. Il a d\u00e9j\u00e0 \u00e9t\u00e9 membre du conseil d&#8217;administration de la CIDMEF (Conf\u00e9rence Internationale des Doyens et Facult\u00e9s de M\u00e9decine d&#8217;Expression Fran\u00e7aise) et a d\u00e9j\u00e0 \u00e9t\u00e9 membre du comit\u00e9 directeur du RIFRESS (R\u00e9seau international francophone pour la Responsabilit\u00e9 Sociale en Sant\u00e9) o\u00f9 il a \u00e9t\u00e9 impliqu\u00e9 dans l&#8217;organisation d&#8217;\u00e9v\u00e9nements et la mod\u00e9ration du groupe de travail sur des th\u00e8mes comme le partenariat entre acteurs de sant\u00e9 dans un territoire.<\/p><\/div>\n\t\t\t\t<\/div>\n\t\t\t\t\t\t\t\t<\/div>\n\t\t\t\t\t\t<\/div>\n\t\t\t\t<\/div>\n\t\t\t\t\t<\/div>\n\t\t<\/div>\n\t\t\t\t\t<\/div>\n\t\t<\/section>\n\t\t\t\t<section class=\"elementor-section elementor-top-section elementor-element elementor-element-8d12d6c our_commmeeti elementor-section-boxed elementor-section-height-default elementor-section-height-default\" data-id=\"8d12d6c\" data-element_type=\"section\" data-e-type=\"section\">\n\t\t\t\t\t\t<div class=\"elementor-container elementor-column-gap-default\">\n\t\t\t\t\t<div class=\"elementor-column elementor-col-33 elementor-top-column elementor-element elementor-element-b9b58fc\" data-id=\"b9b58fc\" data-element_type=\"column\" data-e-type=\"column\">\n\t\t\t<div class=\"elementor-widget-wrap elementor-element-populated\">\n\t\t\t\t\t\t<div class=\"elementor-element elementor-element-499fd29 elementor-position-top elementor-widget elementor-widget-image-box\" data-id=\"499fd29\" data-element_type=\"widget\" data-e-type=\"widget\" data-widget_type=\"image-box.default\">\n\t\t\t\t<div class=\"elementor-widget-container\">\n\t\t\t\t\t<div class=\"elementor-image-box-wrapper\"><figure class=\"elementor-image-box-img\"><img loading=\"lazy\" decoding=\"async\" width=\"448\" height=\"414\" src=\"https:\/\/socialaccountabilityhealth.org\/wp-content\/uploads\/2026\/03\/Screenshot-2026-03-16-at-12.59.49.png\" class=\"attachment-full size-full wp-image-3262\" alt=\"\" srcset=\"https:\/\/socialaccountabilityhealth.org\/wp-content\/uploads\/2026\/03\/Screenshot-2026-03-16-at-12.59.49.png 448w, https:\/\/socialaccountabilityhealth.org\/wp-content\/uploads\/2026\/03\/Screenshot-2026-03-16-at-12.59.49-300x277.png 300w\" sizes=\"(max-width: 448px) 100vw, 448px\" \/><\/figure><div class=\"elementor-image-box-content\"><h3 class=\"elementor-image-box-title\">Olfa Bouallegue<\/h3><p class=\"elementor-image-box-description\">Facult\u00e9 de M\u00e9decine de l\u2019Universit\u00e9 de Sousse, Tunisie<div><img decoding=\"async\" src=\"http:\/\/socialaccountabilityhealth.org\/wp-content\/uploads\/2024\/02\/circle-flag-of-tunisia-free-png.webp\" width=\"45px\" title=\"Burundi\" style=\"font-family: Roboto, sans-serif\"><\/div><\/div><\/div>\t\t\t\t<\/div>\n\t\t\t\t<\/div>\n\t\t\t\t<div class=\"elementor-element elementor-element-31c4175 elementor-widget elementor-widget-toggle\" data-id=\"31c4175\" data-element_type=\"widget\" data-e-type=\"widget\" data-widget_type=\"toggle.default\">\n\t\t\t\t<div class=\"elementor-widget-container\">\n\t\t\t\t\t\t\t<div class=\"elementor-toggle\">\n\t\t\t\t\t\t\t<div class=\"elementor-toggle-item\">\n\t\t\t\t\t<div id=\"elementor-tab-title-5211\" class=\"elementor-tab-title\" data-tab=\"1\" role=\"button\" aria-controls=\"elementor-tab-content-5211\" aria-expanded=\"false\">\n\t\t\t\t\t\t\t\t\t\t\t\t<span class=\"elementor-toggle-icon elementor-toggle-icon-left\" aria-hidden=\"true\">\n\t\t\t\t\t\t\t\t\t\t\t\t\t\t\t<span class=\"elementor-toggle-icon-closed\"><i class=\"fas fa-caret-right\"><\/i><\/span>\n\t\t\t\t\t\t\t\t<span class=\"elementor-toggle-icon-opened\"><i class=\"elementor-toggle-icon-opened fas fa-caret-up\"><\/i><\/span>\n\t\t\t\t\t\t\t\t\t\t\t\t\t<\/span>\n\t\t\t\t\t\t\t\t\t\t\t\t<a class=\"elementor-toggle-title\" tabindex=\"0\">Biographie<\/a>\n\t\t\t\t\t<\/div>\n\n\t\t\t\t\t<div id=\"elementor-tab-content-5211\" class=\"elementor-tab-content elementor-clearfix\" data-tab=\"1\" role=\"region\" aria-labelledby=\"elementor-tab-title-5211\"><p>Olfa BOUALLEGUE est Professeure Hospitalo-Universitaire, sp\u00e9cialiste en Microbiologie \u00e0 la Facult\u00e9<br \/>de M\u00e9decine de l\u2019Universit\u00e9 de Sousse, Tunisie.<br \/>Vice-Pr\u00e9sidente de l\u2019Universit\u00e9 de Sousse, Minist\u00e8re de l\u2019Enseignement Sup\u00e9rieur,<br \/>Titulaire de la Chaire UNESCO \u201cLitt\u00e9ratie et autonomisation organisationnelle et D\u00e9veloppement<br \/>Durable\u201d,<br \/>Directrice fondatrice du Laboratoire de recherche \u201cR\u00e9sistances microbiennes \u00e9mergentes et<br \/>S\u00e9curit\u00e9 des soins\u201d,<br \/>Autrice de nombreux articles publi\u00e9s dans des revues internationales \u00e0 fort impact factor et a dirig\u00e9<br \/>plusieurs th\u00e8ses de m\u00e9decine, de pharmacie et de sciences biologiques.<br \/>Fondatrice de plusieurs formations dipl\u00f4mantes et certifiantes \u00e0 l\u2019Universit\u00e9 de Sousse, mast\u00e8res de<br \/>recherche en Microbiologie, Immunologie et G\u00e9n\u00e9tique, en P\u00e9dagogie et Innovations<br \/>p\u00e9dagogiques, ainsi qu\u2019en Hygi\u00e8ne Hospitali\u00e8re et S\u00e9curit\u00e9 des soins et de Chimioth\u00e9rapie anti-<br \/>infectieuse.<\/p><\/div>\n\t\t\t\t<\/div>\n\t\t\t\t\t\t\t\t<\/div>\n\t\t\t\t\t\t<\/div>\n\t\t\t\t<\/div>\n\t\t\t\t\t<\/div>\n\t\t<\/div>\n\t\t\t\t<div class=\"elementor-column elementor-col-33 elementor-top-column elementor-element elementor-element-21b6977\" data-id=\"21b6977\" data-element_type=\"column\" data-e-type=\"column\">\n\t\t\t<div class=\"elementor-widget-wrap\">\n\t\t\t\t\t\t\t<\/div>\n\t\t<\/div>\n\t\t\t\t<div class=\"elementor-column elementor-col-33 elementor-top-column elementor-element elementor-element-bb018ec\" data-id=\"bb018ec\" data-element_type=\"column\" data-e-type=\"column\">\n\t\t\t<div class=\"elementor-widget-wrap\">\n\t\t\t\t\t\t\t<\/div>\n\t\t<\/div>\n\t\t\t\t\t<\/div>\n\t\t<\/section>\n\t\t\t\t<\/div>\n\t\t","protected":false},"excerpt":{"rendered":"<p>Les\u00a0comit\u00e9s de r\u00e9vision de l\u2019ISAT Nos comit\u00e9s de r\u00e9vision ISAT jouent un r\u00f4le important dans l\u2019examen des candidatures ISAT des institutions d\u2019enseignement des professions de la sant\u00e9 du monde entier. Chaque comit\u00e9 de r\u00e9vision est compos\u00e9 de repr\u00e9sentantes et repr\u00e9sentants d\u2019institutions qui ont les connaissances et la pratique en mati\u00e8re de responsabilit\u00e9 sociale. Pour \u00e9largir [&#8230;]\n","protected":false},"author":1,"featured_media":0,"parent":0,"menu_order":0,"comment_status":"closed","ping_status":"closed","template":"","meta":{"_acf_changed":false,"footnotes":""},"class_list":["post-1115","page","type-page","status-publish","hentry"],"acf":[],"_links":{"self":[{"href":"https:\/\/socialaccountabilityhealth.org\/fr\/wp-json\/wp\/v2\/pages\/1115","targetHints":{"allow":["GET"]}}],"collection":[{"href":"https:\/\/socialaccountabilityhealth.org\/fr\/wp-json\/wp\/v2\/pages"}],"about":[{"href":"https:\/\/socialaccountabilityhealth.org\/fr\/wp-json\/wp\/v2\/types\/page"}],"author":[{"embeddable":true,"href":"https:\/\/socialaccountabilityhealth.org\/fr\/wp-json\/wp\/v2\/users\/1"}],"replies":[{"embeddable":true,"href":"https:\/\/socialaccountabilityhealth.org\/fr\/wp-json\/wp\/v2\/comments?post=1115"}],"version-history":[{"count":104,"href":"https:\/\/socialaccountabilityhealth.org\/fr\/wp-json\/wp\/v2\/pages\/1115\/revisions"}],"predecessor-version":[{"id":3277,"href":"https:\/\/socialaccountabilityhealth.org\/fr\/wp-json\/wp\/v2\/pages\/1115\/revisions\/3277"}],"wp:attachment":[{"href":"https:\/\/socialaccountabilityhealth.org\/fr\/wp-json\/wp\/v2\/media?parent=1115"}],"curies":[{"name":"wp","href":"https:\/\/api.w.org\/{rel}","templated":true}]}}